{"id":2437,"date":"2019-09-06T12:27:20","date_gmt":"2019-09-06T10:27:20","guid":{"rendered":"https:\/\/uwf-online.de\/?page_id=2437"},"modified":"2019-10-19T12:18:41","modified_gmt":"2019-10-19T10:18:41","slug":"uwf-position-zum-thema-schulneubau-in-flintbek","status":"publish","type":"page","link":"https:\/\/uwf-online.de\/?page_id=2437","title":{"rendered":"UWF Position zum Thema Schulneubau in Flintbek"},"content":{"rendered":"\n<p><strong><em>Die Grundlage f\u00fcr die nachfolgend aufgef\u00fchrten Argumente und Gedanken zum Thema Schulneubau in Flintbek ist der UWF Antrag im Hauptausschuss vom 21.08.2019. Dieser hatte das Ziel, f\u00fcr den L\u00f6sungsansatz \u201eNeubau Fachraumzentrum\u201c aus &nbsp;dem Juni 2017 eine Mehrheit bei den Mitgliedern des Ausschusses zu erhalten<\/em><\/strong><em>.<\/em><\/p>\n\n\n\n<p>Was spricht\nnach Meinung der UWF f\u00fcr diesen Weg einer langfristig angelegten Erweiterung durch\nNeubauten und einer nachhaltigen Modernisierung der \u201eSchule am Eiderwald\u201c:<\/p>\n\n\n\n<ul class=\"wp-block-list\"><li><strong>Beseitigung\nder Raumnot dr\u00e4ngt<\/strong><\/li><\/ul>\n\n\n\n<p>Das p\u00e4dagogische\nRaumkonzept stellte den dringenden Raumbedarf bereits zum Jahreswechsel\n2016\/2017 heraus. Zum 30.09.2019 sind es fast drei kostbare Jahre, die durch\nDiskussionen in den Parteien und den Selbstverwaltungsorganen verstrichen sind.<\/p>\n\n\n\n<ul class=\"wp-block-list\"><li><strong>Variantenvielfalt\nf\u00fchrt uns wieder an den Anfang<\/strong><\/li><\/ul>\n\n\n\n<p>Der Neubau eines Fachraumzentrums ist eine der vielen L\u00f6sungsm\u00f6glichkeiten, die den Verantwortlichen seit langem vorliegt. Das Konzept (L\u00f6sungsansatz C) von Mumm Architekten ber\u00fccksichtigt die Anforderungen, die seitens der Schulleitung im p\u00e4dagogischen Raumkonzept vorgetragen wurden. Wir stehen wieder auf START und die UWF ist der Meinung, dass der Neubau eines Fachraumzentrums geeignet ist, um in eine Phase der Erweiterung und Modernisierung der \u201eSchule am Eiderwald\u201c einzutreten.<\/p>\n\n\n\n<ul class=\"wp-block-list\"><li><strong>F\u00f6rderf\u00e4hige\nUmbauten im Neustart enthalten<\/strong><\/li><\/ul>\n\n\n\n<p>Das Investitionsvolumen im L\u00f6sungsansatz C in H\u00f6he von 4,1 Mio. Euro umfasst den Umbau ehemaliger Fachraumbereiche zu Klassen- und Differenzierungsr\u00e4umen, den Umbau des H\u00f6rsaals und den Umbau des Lehrerarbeitsraums. Die Anforderungen, die sich auf die bisher unverbindlich zugesagten F\u00f6rdergelder f\u00fcr die Sanierung des Hauptgeb\u00e4udes beziehen, k\u00f6nnten nach unserer Beurteilung nahezu vollst\u00e4ndig erf\u00fcllt werden. Der UWF Antrag ruft deshalb dazu auf, dass die politisch Verantwortlichen und der B\u00fcrgermeister einen Weg einschlagen, der den harten Ausschlusstermin der F\u00f6rderung, den <strong>30.09.2019<\/strong>, beachtet und endlich die <strong>3,0 Mio. Euro <\/strong>an F\u00f6rdermitteln f\u00fcr Neubau- und Modernisierungsma\u00dfnahmen des Hauptgeb\u00e4udes sichert.<\/p>\n\n\n\n<ul class=\"wp-block-list\"><li><strong>Neubau\neiner Grund- und Gemeinschaftsschule \u00fcbersteigt die Finanzkraft <\/strong><\/li><\/ul>\n\n\n\n<p>Von den drei anderen Standorten, die als Neubau einer Grund- und Gemeinschaftsschule betrachtet wurden, erscheint den Bef\u00fcrwortern eines kompletten Neubaus das derzeitige ALDI-Gel\u00e4nde (zzgl. dem ehemaligen EDEKA-Gel\u00e4nde) als geeignet. Selbst wenn wir \u00fcber den Finanzbedarf f\u00fcr den Erwerb des fremden Grundst\u00fcckes hinwegsehen, bleiben bei den Bef\u00fcrwortern die unkalkulierbaren Risiken au\u00dferhalb der Betrachtung, die den Baugrund betreffen (u. U. wird ein Bodenaustausch notwendig) und die sich aus der Einbettung in das gewerbliche und verkehrliche Umfeld ergeben. Der Neubau einer Schule am anderen Standort wird nach \u00fcberschl\u00e4gigen Kalkulationen einen Finanzbedarf in H\u00f6he von 36 bis 40 Mio. Euro ausl\u00f6sen. Der Kapitaldienst f\u00fcr die Zinsen und Tilgungen der Kredite, der sich in der Folge ergibt, \u00fcbersteigt dauerhaft die finanzielle Leistungsf\u00e4higkeit der Gemeinde.<strong><br> <\/strong><\/p>\n\n\n\n<ul class=\"wp-block-list\"><li><strong>Ein\n\u00d6PP Projekt ist f\u00fcr Flintbek keine L\u00f6sung<\/strong><\/li><\/ul>\n\n\n\n<p>Die Realisierung eines Schulneubaus in der Gemeinde Heikendorf durch ein \u00d6PP Projekt (\u00d6ffentlich-private Partnerschaft) mit der Firmengruppe GOLDBECK basierte auf deutlich anderen Ausgangsvoraussetzungen. Eine langfristige Bau- und Investitionsplanung der Gemeinde Heikendorf hatte die bisherigen zwei Schulzentren zusammengef\u00fchrt, die an getrennt voneinander liegenden Standorten zu bewirtschaften waren. Mit 13,5 Mio. Euro waren dort die gesamten Investitionskosten (einer vergleichbaren Ma\u00dfnahme) deutlich geringer als die H\u00e4lfte des Flintbeker Investitionsbedarfs f\u00fcr einen kompletten Neubau einer Grund- und Gemeinschaftsschule an einem anderen Standort in Flintbek.<\/p>\n\n\n\n<p>Von den Bef\u00fcrwortern einer \u00d6PP Variante, mit der verlockenden Bezeichnung \u201eLebenszyklusmodell\u201c, wird bisher nicht beachtet, dass w\u00e4hrend der vertraglich vereinbarten 25- j\u00e4hrigen Betriebsphase, ein Entgelt f\u00fcr die \u00dcberlassung bzw. Nutzung der Schulgeb\u00e4ude den Gemeindehaushalt belastet. Die H\u00f6he des Entgelts ist dem Kapitaldienst bei einer Eigenfinanzierung vergleichbar. Zus\u00e4tzlich ist der vertraglich festgelegte Aufwand f\u00fcr die Bewirtschaftung des Geb\u00e4udes und das Geb\u00e4udemanagement durch ein Unternehmen der GOLDBECK Gruppe aus dem Gemeindehaushalt zu bezahlen. F\u00fcr ein \u00d6PP Projekt in Flintbek erg\u00e4ben sich Belastungen f\u00fcr den Haushalt in H\u00f6he von mindestens 1,0 bis 1,2 Mio. Euro pro Jahr.&nbsp; <\/p>\n\n\n\n<p><strong>Nach unz\u00e4hligen Gedanken und\nDiskussionen zum Thema Schulneubau gelangt die UWF zu dem Ergebnis, dass <\/strong><\/p>\n\n\n\n<p><strong>die Umsetzung\ndes p\u00e4dagogischen Raumkonzeptes am jetzigen Standort m\u00f6glich ist!<\/strong><strong><\/strong><\/p>\n\n\n\n<ul class=\"wp-block-list\"><li>Neubau\neines \u201eFachraumzentrums\u201c schnellstm\u00f6glich,<\/li><li>Die\nSicherung der \u00f6ffentlichen F\u00f6rdergelder ist in dieser Variante f\u00fcr die\nModernisierung des \u201eHauptgeb\u00e4udes\u201c m\u00f6glich.<\/li><li>Eine\nstrategische Bedarfs- und Zeitplanung f\u00fcr eine nachhaltige Modernisierung des\nPavillontraktes ist kurzfristig zu erstellen.<\/li><\/ul>\n\n\n\n<p><strong>Unser aller Ziel muss es sein,<\/strong><\/p>\n\n\n\n<ul class=\"wp-block-list\"><li>die freiwilligen Leistungen der Gemeinde auf Dauer zu erhalten,<\/li><li>den Anstieg der gemeindlichen Hebes\u00e4tze zu begrenzen,<\/li><li>die finanziellen Belastungsgrenzen der B\u00fcrgerinnen und B\u00fcrger zu erkennen und<\/li><li>die Attraktivit\u00e4t f\u00fcr die Gewerbeansiedlung in Flintbek zu erhalten.<\/li><\/ul>\n\n\n\n<p><strong><em>Eine \u201eMehrheit der\nVernunft\u201c ist nach Meinung der UWF noch m\u00f6glich!<\/em><\/strong><strong><em><\/em><\/strong><\/p>\n\n\n\n<p>Helmut Gro\u00df<\/p>\n\n\n\n<p>Fraktionsvorsitzender der UWF<\/p>\n\n\n\n<div class=\"wp-block-file\"><a href=\"https:\/\/uwf-online.de\/wp-content\/uploads\/2019\/10\/P\u00e4dagogisches-Raumkonzept-L\u00f6sung-Variante-C-20161120.pdf\">P\u00e4dagogisches Raumkonzept  L\u00f6sung Variante C  20161120<\/a><a href=\"https:\/\/uwf-online.de\/wp-content\/uploads\/2019\/10\/P\u00e4dagogisches-Raumkonzept-L\u00f6sung-Variante-C-20161120.pdf\" class=\"wp-block-file__button\" download>Herunterladen<\/a><\/div>\n\n\n\n<p><br><\/p>\n\n\n\n<div class=\"wp-block-file\"><a href=\"https:\/\/uwf-online.de\/wp-content\/uploads\/2019\/10\/Architekten-Mumm-und-Ing.-L\u00f6sung-Variante-C-20170630.pdf\">Architekten Mumm und Ing. L\u00f6sung Variante C 20170630<\/a><a href=\"https:\/\/uwf-online.de\/wp-content\/uploads\/2019\/10\/Architekten-Mumm-und-Ing.-L\u00f6sung-Variante-C-20170630.pdf\" class=\"wp-block-file__button\" download>Herunterladen<\/a><\/div>\n","protected":false},"excerpt":{"rendered":"<p>Die Grundlage f\u00fcr die nachfolgend aufgef\u00fchrten Argumente und Gedanken zum Thema Schulneubau in Flintbek ist der UWF Antrag im Hauptausschuss vom 21.08.2019. Dieser hatte das Ziel, f\u00fcr den L\u00f6sungsansatz \u201eNeubau Fachraumzentrum\u201c aus &nbsp;dem Juni 2017 eine Mehrheit bei den Mitgliedern des Ausschusses zu erhalten. Was spricht nach Meinung der UWF f\u00fcr diesen Weg einer langfristig [&hellip;]<\/p>\n","protected":false},"author":2,"featured_media":0,"parent":0,"menu_order":0,"comment_status":"closed","ping_status":"closed","template":"","meta":{"footnotes":""},"class_list":["post-2437","page","type-page","status-publish","hentry","entry"],"_links":{"self":[{"href":"https:\/\/uwf-online.de\/index.php?rest_route=\/wp\/v2\/pages\/2437","targetHints":{"allow":["GET"]}}],"collection":[{"href":"https:\/\/uwf-online.de\/index.php?rest_route=\/wp\/v2\/pages"}],"about":[{"href":"https:\/\/uwf-online.de\/index.php?rest_route=\/wp\/v2\/types\/page"}],"author":[{"embeddable":true,"href":"https:\/\/uwf-online.de\/index.php?rest_route=\/wp\/v2\/users\/2"}],"replies":[{"embeddable":true,"href":"https:\/\/uwf-online.de\/index.php?rest_route=%2Fwp%2Fv2%2Fcomments&post=2437"}],"version-history":[{"count":7,"href":"https:\/\/uwf-online.de\/index.php?rest_route=\/wp\/v2\/pages\/2437\/revisions"}],"predecessor-version":[{"id":2458,"href":"https:\/\/uwf-online.de\/index.php?rest_route=\/wp\/v2\/pages\/2437\/revisions\/2458"}],"wp:attachment":[{"href":"https:\/\/uwf-online.de\/index.php?rest_route=%2Fwp%2Fv2%2Fmedia&parent=2437"}],"curies":[{"name":"wp","href":"https:\/\/api.w.org\/{rel}","templated":true}]}}